{"id":1961,"date":"2020-11-18T18:47:59","date_gmt":"2020-11-18T17:47:59","guid":{"rendered":"https:\/\/www.bergbiken.de\/wp\/?page_id=1961"},"modified":"2025-12-24T23:52:03","modified_gmt":"2025-12-24T22:52:03","slug":"stmoritzlocarno","status":"publish","type":"page","link":"https:\/\/www.bergbiken.de\/wp\/stmoritzlocarno\/","title":{"rendered":"Transalp St. Moritz \u00bb Locarno"},"content":{"rendered":"<p>[vc_row full_width=&#8220;stretch_row_content_no_spaces&#8220; css=&#8220;.vc_custom_1585690855060{margin-top: 0px !important;margin-right: 0px !important;margin-bottom: 0px !important;margin-left: 0px !important;padding-top: 0px !important;padding-right: 0px !important;padding-bottom: 0px !important;padding-left: 0px !important;}&#8220;][vc_column css=&#8220;.vc_custom_1606857992342{margin-top: 0px !important;margin-right: 0px !important;margin-bottom: 0px !important;margin-left: 0px !important;padding-top: 0px !important;padding-right: 0px !important;padding-bottom: 0px !important;padding-left: 0px !important;background-position: center !important;background-repeat: no-repeat !important;background-size: cover !important;}&#8220; offset=&#8220;vc_hidden-xs&#8220;][vc_single_image image=&#8220;2032&#8243; img_size=&#8220;full&#8220; alignment=&#8220;center&#8220;][\/vc_column][\/vc_row][vc_row][vc_column offset=&#8220;vc_hidden-lg vc_hidden-md vc_hidden-sm&#8220;][vc_empty_space height=&#8220;10px&#8220;][\/vc_column][\/vc_row][vc_row][vc_column][vc_column_text]<\/p>\n<h1 id=\"seitentitel\">Transalp St. Moritz \u00bb Locarno<\/h1>\n<p>[\/vc_column_text][\/vc_column][\/vc_row][vc_row full_width=&#8220;stretch_row_content_no_spaces&#8220;][vc_column offset=&#8220;vc_hidden-lg vc_hidden-md vc_hidden-sm&#8220;][vc_single_image image=&#8220;2040&#8243; img_size=&#8220;full&#8220; alignment=&#8220;center&#8220; style=&#8220;vc_box_rounded&#8220; css=&#8220;.vc_custom_1605721676653{margin-top: 10px !important;margin-right: 0px !important;margin-bottom: 10px !important;margin-left: 0px !important;border-top-width: 1px !important;border-right-width: 1px !important;border-bottom-width: 1px !important;border-left-width: 1px !important;padding-top: 0px !important;padding-right: 0px !important;padding-bottom: 0px !important;padding-left: 0px !important;border-left-color: #020202 !important;border-right-color: #020202 !important;border-top-color: #020202 !important;border-bottom-color: #020202 !important;border-radius: 1px !important;}&#8220;][\/vc_column][\/vc_row][vc_row][vc_column offset=&#8220;vc_hidden-xs&#8220;][vc_column_text]<\/p>\n<h1 id=\"seitentitel\"><\/h1>\n<p id=\"fetttext\"><strong>Lombardei und Schweizer S\u00fcdt\u00e4ler in einer Trailtour &#8211; mit 2 H\u00fctten\u00fcbernachtungen, ewig langen Enduroabfahrten und ganz viel See-Panorama.<br \/>\n<\/strong><\/p>\n<p>Diese sehr anspruchsvolle Ost-West-Querung vom Oberengadin an den Lago Maggiore beschreibt einen weit nach S\u00fcden ausladenden Bogen durch Italien, wo nach Befahrung der bekannten Schweizer Trailklassiker am Bernina und Col d\u2019Anzana mehrere der lokalen Trailber\u00fchmtheiten in den Bergamasker Alpen anstehen. Dabei wird auf den ersten beiden P\u00e4ssen in Bergh\u00fctten \u00fcbernachtet, die einfachen Charme, uriges Ambiente und ein tolles Panorama bieten. Belohnt wird der Aufstiegsschwei\u00df mit den rustikalen Trailabfahrten vom Col d&#8217;Anzana, dem Passo San Marco, dem Bikeparktrail vom Piano del Bobbio im Gebiet des Passo Gandazzo, und der langen Enduroabfahrt vom Monte Croce an den Comer See. Den angemessenen Abschluss dieser Tour macht der Tessiner Klassiker vom Passo San Lucio an der S\u00fcdflanke des Monte Bar, mit Blick auf drei Seen, bis hinab an den Lago Maggiore. Die langen Auffahrten zu den P\u00e4ssen sowie das Talst\u00fcck im Valtellina k\u00f6nnen durch Shuttles kurzfristig verk\u00fcrzt werden, so dass die Tour bei Bedarf auch f\u00fcr weniger &#8222;steigungsaffine&#8220; Biker mit Enduro-Abfahrtsvorliebe fahrbar ist.[\/vc_column_text][\/vc_column][\/vc_row][vc_row][vc_column offset=&#8220;vc_hidden-lg vc_hidden-md vc_hidden-sm&#8220;][vc_column_text]<\/p>\n<h1 id=\"seitentitel\"><\/h1>\n<p id=\"fetttext\" style=\"text-align: justify;\"><strong>Lombardei und Schweizer S\u00fcdt\u00e4ler in einer Trailtour &#8211; mit 2 H\u00fctten\u00fcbernachtungen, ewig langen Enduroabfahrten und ganz viel See-Panorama.<\/strong><\/p>\n<p>[\/vc_column_text][vc_column_text]<\/p>\n<ul style=\"list-style-image: url('https:\/\/www.bergbiken.de\/hakenkl.gif');\">\n<li>Trailklassiker am Bernina, in der Lombardei und im Tessin<\/li>\n<li>2 H\u00fctten\u00fcbernachtungen mit tollem Ambiente<\/li>\n<li>Sehr gute Variierbarkeit durch Shuttles und bei Bedarf einfachere Abfahrten<\/li>\n<\/ul>\n<p>[\/vc_column_text][\/vc_column][\/vc_row][vc_row][vc_column offset=&#8220;vc_hidden-xs&#8220; css=&#8220;.vc_custom_1727341890080{background-color: #f7f3ec !important;}&#8220;][vc_row_inner css=&#8220;.vc_custom_1585348829079{margin-bottom: 0px !important;padding-bottom: 0px !important;}&#8220;][vc_column_inner width=&#8220;2\/6&#8243;][vc_column_text]<a href=\"https:\/\/www.bergbiken.de\/kartestmoritzlocarno.jpg\" target=\"_blank\" rel=\"noopener noreferrer\"><img decoding=\"async\" style=\"width: 400px;\" src=\"https:\/\/www.bergbiken.de\/kartestmoritzlocarno.jpg\" alt=\"Karte zur Tour\" \/><\/a><br \/>\n<a href=\"https:\/\/www.bergbiken.de\/profilstmoritzlocarno.png\" target=\"_blank\" rel=\"noopener noreferrer\"><img decoding=\"async\" style=\"width: 400px;\" src=\"https:\/\/www.bergbiken.de\/profilstmoritzlocarnokl.png\" alt=\"Profil zur Tour\" \/><\/a><\/p>\n<h6><i>Karte und Profil der Tour &#8211; zum Vergr\u00f6\u00dfern klicken<\/i><\/h6>\n<p>[\/vc_column_text][\/vc_column_inner][vc_column_inner width=&#8220;4\/6&#8243;][vc_column_text]<\/p>\n<table border=\"0\" width=\"100%\" cellspacing=\"0\" cellpadding=\"0\">\n<tbody>\n<tr>\n<td><b>Reisedauer:<\/b><\/td>\n<td width=\"10px\"><\/td>\n<td id=\"reisedauer\">5 Etappen<\/td>\n<\/tr>\n<tr>\n<td><b>Gesamtleistung:<\/b><\/td>\n<td width=\"10px\"><\/td>\n<td>307 km, 8050 hm<\/td>\n<\/tr>\n<tr>\n<td><b>Tagesleistungen:<\/b><\/td>\n<td width=\"10px\"><\/td>\n<td>43-89 km, 1200-1950 hm, \u2205 61 km, 1610 hm pro Tag<\/td>\n<\/tr>\n<tr>\n<td><b><a href=\"https:\/\/www.bergbiken.de\/index.asp?id=25\" target=\"_parent\" rel=\"noopener noreferrer\">Level<\/a>:<\/b><\/td>\n<td width=\"10px\"><\/td>\n<td><span style=\"color: white; background-color: black;\">\u00a0Schwer\u00a0<\/span><\/td>\n<\/tr>\n<tr>\n<td><b>Kondition:<\/b><\/td>\n<td width=\"10px\"><\/td>\n<td><img decoding=\"async\" src=\"https:\/\/www.bergbiken.de\/5.png\" alt=\"5 von 5 Sternen\" \/><\/td>\n<\/tr>\n<tr>\n<td><b>Fahrtechnik:<\/b><\/td>\n<td width=\"10px\"><\/td>\n<td id=\"fahrtechnik\"><img decoding=\"async\" src=\"https:\/\/www.bergbiken.de\/5.png\" alt=\"5 von 5 Sternen\" \/><\/td>\n<\/tr>\n<tr>\n<td><b><a href=\"https:\/\/www.bergbiken.de\/index.asp?id=93\" target=\"_parent\" rel=\"noopener noreferrer\">E-Bikes<\/a>:<\/b><\/td>\n<td width=\"10px\"><\/td>\n<td><img decoding=\"async\" style=\"width: auto; height: 14px;\" src=\"https:\/\/www.bergbiken.de\/td\/Img\/ebike_yellow.png\" alt=\"f\u00fcr E-MTB mit Schiebehilfe geeignet\" \/> f\u00fcr E-MTB mit Schiebehilfe geeignet: insg. 40&#8242; schieben<\/td>\n<\/tr>\n<tr>\n<td><b>Trailanteil:<\/b><\/td>\n<td width=\"10px\"><\/td>\n<td>[vc_progress_bar values=&#8220;%5B%7B%22value%22%3A%2224%22%2C%22color%22%3A%22custom%22%2C%22customcolor%22%3A%22%23ff0000%22%2C%22customtxtcolor%22%3A%22%23000000%22%7D%5D&#8220; bgcolor=&#8220;custom&#8220; units=&#8220;%&#8220; custombgcolor=&#8220;#ff0000&#8243; customtxtcolor=&#8220;#000000&#8243;]<\/td>\n<\/tr>\n<\/tbody>\n<\/table>\n<p>[\/vc_column_text][\/vc_column_inner][\/vc_row_inner][\/vc_column][\/vc_row][vc_row][vc_column offset=&#8220;vc_hidden-lg vc_hidden-md vc_hidden-sm&#8220; css=&#8220;.vc_custom_1727341895162{background-color: #f7f3ec !important;}&#8220;][vc_row_inner css=&#8220;.vc_custom_1585348829079{margin-bottom: 0px !important;padding-bottom: 0px !important;}&#8220;][vc_column_inner width=&#8220;2\/6&#8243;][vc_column_text]<a href=\"https:\/\/www.bergbiken.de\/kartestmoritzlocarno.jpg\" target=\"_blank\" rel=\"noopener noreferrer\"><img decoding=\"async\" style=\"width: 400px;\" src=\"https:\/\/www.bergbiken.de\/kartestmoritzlocarno.jpg\" alt=\"Karte zur Tour\" \/><\/a><\/p>\n<h6><i>Karte der Tour &#8211; zum Vergr\u00f6\u00dfern tippen<\/i><\/h6>\n<p>[\/vc_column_text][\/vc_column_inner][vc_column_inner width=&#8220;4\/6&#8243;][vc_column_text]<\/p>\n<table border=\"0\" width=\"100%\" cellspacing=\"0\" cellpadding=\"0\">\n<tbody>\n<tr>\n<td><b>Reisedauer:<\/b><\/td>\n<td width=\"10px\"><\/td>\n<td id=\"reisedauer\">5 Etappen<\/td>\n<\/tr>\n<tr>\n<td><b>Gesamtleistung:<\/b><\/td>\n<td width=\"10px\"><\/td>\n<td>307 km, 8050 hm<\/td>\n<\/tr>\n<tr>\n<td><b>Tagesleistungen:<\/b><\/td>\n<td width=\"10px\"><\/td>\n<td>43-89 km, 1200-1950 hm, \u2205 61 km, 1610 hm pro Tag<\/td>\n<\/tr>\n<tr>\n<td><b><a href=\"https:\/\/www.bergbiken.de\/index.asp?id=25\" target=\"_parent\" rel=\"noopener noreferrer\">Level<\/a>:<\/b><\/td>\n<td width=\"10px\"><\/td>\n<td><span style=\"color: white; background-color: black;\">\u00a0Schwer\u00a0<\/span><\/td>\n<\/tr>\n<tr>\n<td><b>Kondition:<\/b><\/td>\n<td width=\"10px\"><\/td>\n<td><img decoding=\"async\" src=\"https:\/\/www.bergbiken.de\/5.png\" alt=\"5 von 5 Sternen\" \/><\/td>\n<\/tr>\n<tr>\n<td><b>Fahrtechnik:<\/b><\/td>\n<td width=\"10px\"><\/td>\n<td id=\"fahrtechnik\"><img decoding=\"async\" src=\"https:\/\/www.bergbiken.de\/5.png\" alt=\"5 von 5 Sternen\" \/><\/td>\n<\/tr>\n<tr>\n<td><b><a href=\"https:\/\/www.bergbiken.de\/index.asp?id=93\" target=\"_parent\" rel=\"noopener noreferrer\">E-Bikes<\/a>:<\/b><\/td>\n<td width=\"10px\"><\/td>\n<td><img decoding=\"async\" style=\"width: auto; height: 14px;\" src=\"https:\/\/www.bergbiken.de\/td\/Img\/ebike_yellow.png\" alt=\"f\u00fcr E-MTB mit Schiebehilfe geeignet\" \/> f\u00fcr E-MTB mit Schiebehilfe geeignet: insg. 40&#8242; schieben<\/td>\n<\/tr>\n<tr>\n<td><b>Trailanteil:<\/b><\/td>\n<td width=\"10px\"><\/td>\n<td>[vc_progress_bar values=&#8220;%5B%7B%22value%22%3A%2224%22%2C%22color%22%3A%22custom%22%2C%22customcolor%22%3A%22%23ff0000%22%2C%22customtxtcolor%22%3A%22%23000000%22%7D%5D&#8220; bgcolor=&#8220;custom&#8220; units=&#8220;%&#8220; custombgcolor=&#8220;#ff0000&#8243; customtxtcolor=&#8220;#000000&#8243;]<\/td>\n<\/tr>\n<\/tbody>\n<\/table>\n<p>[\/vc_column_text][\/vc_column_inner][\/vc_row_inner][\/vc_column][\/vc_row][vc_row][vc_column][vc_empty_space height=&#8220;20px&#8220;][\/vc_column][\/vc_row][vc_row][vc_column width=&#8220;3\/4&#8243;][vc_text_separator title=&#8220;Ablauf der Reise&#8220; title_align=&#8220;separator_align_left&#8220; align=&#8220;align_left&#8220; border_width=&#8220;2&#8243;][vc_tta_accordion style=&#8220;modern&#8220; shape=&#8220;square&#8220; color=&#8220;white&#8220; spacing=&#8220;10&#8243; gap=&#8220;10&#8243; active_section=&#8220;1&#8243; no_fill=&#8220;true&#8220; collapsible_all=&#8220;true&#8220;][vc_tta_section title=&#8220;Tag 1: St. Moritz \u00bb Capanna Anzana (64 km, 1900 hm)&#8220; tab_id=&#8220;1590268985015-c2d581fa-2af7&#8243;][vc_column_text]Die Tour beginnt mit einem echten Klassiker: Dem Bernina-Express-Trail \u00fcber den Berninapass (2328 m). Dabei sind lediglich 500 hm bergauf, aber und 1300 tm bergab zu fahren, zu zwar beides weitgehend auf Trails, und mit Drei-Seiten-Panorama auf mehrere der 4000er-Gipfel und Gletscher der Bernina-Gruppe. Den motivatorischen Schwung dieser Abfahrt, die nach kurzem Flachst\u00fcck bei Poschiavo bis in den Ortskern von Brusio reicht, nehmen Sie mit in den Finalanstieg: Zur \u00dcbernachtung in der Bergh\u00fctte Capanna Anzana (2050 m) sind 1400 hm am St\u00fcck zu kurbeln. Davon k\u00f6nnen bei Bedarf 1200 hm (11 km) per Shuttle \u00fcberbr\u00fcckt werden. Die Capanna Anzana liegt unterhalb des gleichnamigen Passes im Talschluss. Sie bietet richtiges H\u00fcttenfeeling mit rustikalem Ambiente in Mehrbettzimmern, einen netten Betreiber und tolles einheimisches Essen.[\/vc_column_text][\/vc_tta_section][vc_tta_section title=&#8220;Tag 2: Capanna Anzana \u00bb Passo San Marco (89 km, 1950 hm)&#8220; tab_id=&#8220;1585344099382-b7db8cfd-fd7f&#8220;][vc_column_text]Von der Capanna Anzana sind es nur noch 180 hm hinauf zum Col d&#8217;Anzana (2224 m) &#8211; dem \u00dcbergang in die Lombardei und ins Valtellina. Die Passabfahrt beginnt mit einem langen Genuss-H\u00f6henweg, der den Blick bis zum Adamello-Massiv freigibt. Erst sp\u00e4ter f\u00e4llt der speziell f\u00fcr Biker hergerichtete Trail in gepflasterten Spitzkehren den Hang hinab in Richtung Tirano &#8211; wobei die Kehren immer weniger und das Gef\u00e4lle immer mehr werden. Von Tirano bis Talamona ist dann eine wahre Durststrecke zu leisten: 50 km folgen Sie dem sch\u00f6n angelegten, aber stets asphaltierten Radweg flussabw\u00e4rts. Dieser Abschnitt kann bei Bedarf flexibel per Bahn \u00fcberbr\u00fcckt werden. Von Talamona (250 m) beginnt dann der Anstieg zum Passo San Marco (1985 m), der l\u00e4ngste Anstieg der Tour. Er findet auf einer wenig befahrenen Stra\u00dfe statt, die sehr abwechslungsreiche Landschaften durchquert, und auf halber H\u00f6he eine gute Einkehrm\u00f6glichkeit besitzt. Bei Bedarf kann auch per Shuttle \u00fcberbr\u00fcckt werden. Sie \u00fcbernachten knapp hinter dem Pass im Rifugio Passo San Marco &#8211; erneut in Mehrbettzimmern, diesmal ist die H\u00fctte jedoch wesentlich gr\u00f6\u00dfer und besitzt einen unvergleichlichen Aussichtsbalkon auf die Bergamasker Alpen.[\/vc_column_text][\/vc_tta_section][vc_tta_section title=&#8220;Tag 3: Passo San Marco \u00bb Introbio (43 km, 1200 hm)&#8220; tab_id=&#8220;1585344258121-a3d2f303-d909&#8243;][vc_column_text]Der Lohn f\u00fcr die harte Auffahrt des Vortags folgt direkt vom Rifugio weg: Die 1300 tm umfassende Trailabfahrt bis nach Olmo al Brembo folgt lange Zeit dem einsamen Bergr\u00fccken s\u00fcdlich des Passes, bevor sie dann steil in den Wald abtaucht und diverse verlassene Weiler durchquert &#8211; erneut ein Fest f\u00fcr Enduro-Freunde und Spitzkehrenliebhaber. Der anschlie\u00dfende Anstieg durch das wundersch\u00f6ne Valtorta zu den Piani di Bobbio nimmt sich mit 1100 sehr gut rollbaren H\u00f6henmetern schon fast kurz aus. Und das Beste: Er wird mit einer weiteren Trailabfahrt belohnt! Hinab ins Valsassina folgen Sie einer der drei beschilderten Abfahrtslinien des \u00f6rtlichen Bikeparks, bevor Sie im wenig touristischen, aber umso authentischeren Ort Introbio erstmals ein Quartier in einem Hotel mit &#8222;normalen&#8220; Doppelzimmern beziehen.[\/vc_column_text][\/vc_tta_section][vc_tta_section title=&#8220;Tag 4: Introbio \u00bb Porlezza (55 km, 1350 hm)&#8220; tab_id=&#8220;1585344300639-7433f0e7-411c&#8220;][vc_column_text]Das Valsassina m\u00fcndet eigentlich von allein in den Comer See &#8211; aber diese schwere Enduro-Transalp w\u00e4re keine solche, wenn sie die umliegenden Berge nicht in eine reizvolle Abfahrt mit See-Panorama einbeziehen w\u00fcrde. So gilt der n\u00f6rdlich am Talausgang liegende Monte Croce (1799 m) als Downhill-Geheimtipp &#8211; und er\u00f6ffnet gleich mehrere verschieden lange Trailabfahrtsm\u00f6glichkeiten. Die &#8222;Normalvariante&#8220; f\u00fchrt Sie gut 1100 hm hinauf bis zur in 1500 m H\u00f6he gelegenen Alpe Giumello, wo auch mit viel Panorama eingekehrt werden kann. Von dort besteht &#8211; zugegeben mit einigen kurzen Schiebeabschnitten bergauf und anfangs auch kurz bergab (au\u00dfer f\u00fcr S4-K\u00f6nner) eine durchgehende Trailabfahrt an der Westflanke bis hinunter zum Ort Dervio am Comer See. Freunde knackiger Naturtrails mit Pflastersteinabschnitten frohlocken hier, und alle anderen erhalten immerhin tolle Fotos mit See-Hintergrund \ud83d\ude09 Nach kurzer F\u00e4hr\u00fcberfahrt nach Menaggio (alle 30-60 Minuten m\u00f6glich) erreichen Sie auf einem Bahntrassenradweg schlie\u00dflich Porlezza am Luganer See, wo die letzte Zwischen\u00fcbernachtung der Tour stattfindet.[\/vc_column_text][\/vc_tta_section][vc_tta_section title=&#8220;Tag 5: Porlezza \u00bb Locarno (56 km, 1650 hm)&#8220; tab_id=&#8220;1605455285712-7c8baef6-ab80&#8243;][vc_column_text]Wie die erste, so findet auch die letzte Trailabfahrt der Tour in der Schweiz statt: Vom Passo San Lucio (1550 m), den Sie ab Porlezza zun\u00e4chst nach kraftzehrender (aber ruhiger) Auffahrt erreichen. Oben kann beiderseits der Grenze eingekehrt werden, dann beginnt ein toller H\u00f6hentrail, der in stetem Auf und Ab an der S\u00fcdflanke des bekannten Monte Bar (1816 m) entlangf\u00fchrt. Bei guten Sichtbedingungen k\u00f6nnen von diesem Trail der Comer und Luganer See und auch der Lago Maggiore ersp\u00e4ht werden. Ein Zwischenst\u00fcck auf Asphalt bergab \u00e4rgert ein wenig, dann erfolgt ein angemessenes Trailfinale im Wald hinab auf den Monte Ceneri. Dieser &#8222;Buckel&#8220; im Profil bildet den letzten Widerstand, bevor Sie auf kurzem Finaltrail in die Talebene des Lago Maggiore und schlie\u00dflich ins mond\u00e4ne Locarno einrollen, wo die Tour endet.[\/vc_column_text][\/vc_tta_section][vc_tta_section title=&#8220;Tag 6: R\u00fccktransfer&#8220; tab_id=&#8220;1585344435177-840b9567-87f3&#8243;][vc_column_text]R\u00fccktransfer im Minibus mit Fahrradanh\u00e4nger von Locarno nach St. Moritz. F\u00fcr Teilnehmer, die per Bahn nach St. Moritz angereist waren, bieten sich ab Locarno nat\u00fcrlich auch sehr gute Verbindungen per Bahn nach Norden, so dass unser R\u00fccktransfers-Taxi aus dem Angebot herausgenommen werden kann.[\/vc_column_text][\/vc_tta_section][\/vc_tta_accordion][vc_empty_space height=&#8220;20px&#8220;][vc_text_separator title=&#8220;Buchungs-Info&#8220; title_align=&#8220;separator_align_left&#8220; align=&#8220;align_left&#8220; border_width=&#8220;2&#8243;][vc_row_inner css=&#8220;.vc_custom_1585864973871{margin-right: 0px !important;margin-left: 0px !important;background-color: #f7f3ec !important;}&#8220;][vc_column_inner width=&#8220;2\/3&#8243;][vc_column_text]<b>Leistungen Selfguided-Tour<br \/>\n<\/b><\/p>\n<ul style=\"list-style-image: url('https:\/\/www.bergbiken.de\/hakenkl.gif');\">\n<li>Start + Ziel: St. Moritz (\u00dcbernachtung am Startort optional hinzubuchbar, Aufpreis 100 \u20ac p.P.)<\/li>\n<li>Selfguided-Tour (mit GPS-Daten sowie telefonischer 24-Stunden-Betreuung von uns) mit Verlauf gem\u00e4\u00df obigen Beschreibungen<\/li>\n<li>5x \u00dcbernachtung\/Fr\u00fchst\u00fcck, davon 2x in Bergh\u00fctten in Mehrbettzimmern und 3x in Hotels im Doppelzimmer (Einzelzimmer-Zuschlag f\u00fcr die Hotels: 108 \u20ac insgesamt)<\/li>\n<li>Gep\u00e4cktransport im Begleitfahrzeug ab St. Moritz bis Locarno von Unterkunft zu Unterkunft (auch zu den H\u00fctten) und zur\u00fcck nach St. Moritz<\/li>\n<li>R\u00fccktransfer am sechsten Tag nach St. Moritz im Minibus mit Fahrradanh\u00e4nger<\/li>\n<li><a href=\"https:\/\/www.bergbiken.de\/wp\/selfguidedinfo\/\">GPS-Daten der gesamten Tour und f\u00fcr alle Zusatzstrecken<\/a>, \u00dcbersichtsprofile mit Kurzinfos zu den Varianten, Vorbereitungsheft mit Packliste, optional Kartenmaterial im Ma\u00dfstab 1:40.000 mit eingetragener Strecke (Zuschlag einmalig 25 \u20ac), optional Leih-GPS-Ger\u00e4t Garmin Oregon (Zuschlag 45 \u20ac)<\/li>\n<li>Die Tour kann auch ohne Guide\/Gep\u00e4cktransport\/R\u00fccktransfer, mit Verl\u00e4ngerungs-\u00dcbernachtungen am Ziel, in 4 oder 6 Etappen, mit Start in Davos anstatt St. Moritz oder noch ganz anders durchgef\u00fchrt werden. Klicken Sie rechts auf &#8222;Leistungen \u00e4ndern&#8220;.<\/li>\n<li><b>Alle Gruppengr\u00f6\u00dfen m\u00f6glich, freie Terminwahl \ud83d\ude0a<\/b><\/li>\n<\/ul>\n<p>[\/vc_column_text][\/vc_column_inner][vc_column_inner width=&#8220;1\/3&#8243;][vc_column_text]<b>Reisepreis pro Person<br \/>\n<\/b><\/p>\n<a class=\"button  button_size_1\" href=\"http:\/\/www.bergbiken.de\/wp\/buchen\/?buchung=Transalp%20St.%20Moritz-Locarno,%203%20Personen&#038;termin=Bitte%20Terminwunsch%20hier%20eintragen&#038;pr=1198%20\u20ac\"     style=\"background-color:#f7ca40!important;color:black;\" target=\"_blank\"    title=\"\"><span class=\"button_label\">3 Teiln. 1198 \u20ac \u00bb Buchen<\/span><\/a>\n\n<a class=\"button  button_size_1\" href=\"http:\/\/www.bergbiken.de\/wp\/buchen\/?buchung=Transalp%20St.%20Moritz-Locarno,%204%20Personen&#038;termin=Bitte%20Terminwunsch%20hier%20eintragen&#038;pr=1021%20\u20ac\"     style=\"background-color:#f7ca40!important;color:black;\" target=\"_blank\"    title=\"\"><span class=\"button_label\">4 Teiln. 1021 \u20ac \u00bb Buchen<\/span><\/a>\n\n<a class=\"button  button_size_1\" href=\"http:\/\/www.bergbiken.de\/wp\/buchen\/?buchung=Transalp%20St.%20Moritz-Locarno,%205%20Personen&#038;termin=Bitte%20Terminwunsch%20hier%20eintragen&#038;pr=959%20\u20ac\"     style=\"background-color:#f7ca40!important;color:black;\" target=\"_blank\"    title=\"\"><span class=\"button_label\">5 Teiln. 959 \u20ac \u00bb Buchen<\/span><\/a>\n\n<a class=\"button  button_size_1\" href=\"http:\/\/www.bergbiken.de\/wp\/buchen\/?buchung=Transalp%20St.%20Moritz-Locarno,%206%20Personen&#038;termin=Bitte%20Terminwunsch%20hier%20eintragen&#038;pr=878%20\u20ac\"     style=\"background-color:#f7ca40!important;color:black;\" target=\"_blank\"    title=\"\"><span class=\"button_label\">6 Teiln. 878 \u20ac \u00bb Buchen<\/span><\/a>\n\n<a class=\"button  button_size_1\" href=\"http:\/\/www.bergbiken.de\/wp\/buchen\/?buchung=Transalp%20St.%20Moritz-Locarno,%207%20Personen&#038;termin=Bitte%20Terminwunsch%20hier%20eintragen&#038;pr=849%20\u20ac\"     style=\"background-color:#f7ca40!important;color:black;\" target=\"_blank\"    title=\"\"><span class=\"button_label\">7 Teiln. 849 \u20ac \u00bb Buchen<\/span><\/a>\n\n<a class=\"button  button_size_1\" href=\"http:\/\/www.bergbiken.de\/wp\/anfrage\/?buchung=Transalp%20St.%20Moritz-Locarno\"     style=\"background-color:#f0ab26!important;color:black;\" target=\"_blank\"    title=\"\"><span class=\"button_label\">\u00bb Anfrage stellen<\/span><\/a>\n\n<p>Bei Tourstart im Monat August behalten wir uns einen max. 7% h\u00f6heren Reisepreis vor.<\/p>\n<hr class=\"\" style=\"margin:0 auto 30px;\"\/>\n\n<p><a class=\"button  button_size_1\" href=\"https:\/\/www.bergbiken.de\/td\/td2.asp?km=274&#038;hm=8030&#038;r=Celerina-Bernina-Poschiavo-Sondrio-Olmo-Bellagio-Porlezza-Locarno&#038;zgt=1.1&#038;zhot=1.11&#038;t=5\"     style=\"background-color:#f7ca40!important;color:black;\" target=\"_blank\"    title=\"\"><span class=\"button_label\">Leistungen \u00e4ndern<\/span><\/a>\n<a class=\"button  button_size_1\" href=\"https:\/\/www.bergbiken.de\/index.asp?id=87\"     style=\"background-color:#f7ca40!important;color:black;\" target=\"_blank\"    title=\"\"><span class=\"button_label\">GPS-Track-Service<\/span><\/a>\n[\/vc_column_text][\/vc_column_inner][\/vc_row_inner][\/vc_column][vc_column width=&#8220;1\/4&#8243;][vc_images_carousel images=&#8220;2053,2054,2055,2056,2057,2058,2059,2060,2061,2062&#8243; img_size=&#8220;full&#8220; mode=&#8220;vertical&#8220; slides_per_view=&#8220;7&#8243; hide_pagination_control=&#8220;yes&#8220; hide_prev_next_buttons=&#8220;yes&#8220; wrap=&#8220;yes&#8220; css=&#8220;.vc_custom_1605804836621{margin-top: 0px !important;margin-right: 0px !important;margin-bottom: 0px !important;margin-left: 0px !important;padding-top: 0px !important;padding-right: 0px !important;padding-bottom: 0px !important;padding-left: 0px !important;}&#8220;][vc_column_text css=&#8220;.vc_custom_1605804973381{margin-top: 0px !important;margin-bottom: 0px !important;margin-left: 10px !important;padding-top: 0px !important;padding-bottom: 0px !important;}&#8220;]<span style=\"font-size: xx-small;\">Video zur Tour (<a href=\"https:\/\/youtu.be\/A6b5n4xF2PY\" target=\"_blank\" rel=\"noopener noreferrer\">ext. Link<\/a>):<\/span>[\/vc_column_text][vc_video link=&#8220;https:\/\/youtu.be\/A6b5n4xF2PY&#8220; align=&#8220;center&#8220; css=&#8220;.vc_custom_1605804915889{margin-right: 10px !important;margin-bottom: 0px !important;margin-left: 10px !important;padding-bottom: 0px !important;}&#8220;][\/vc_column][\/vc_row][vc_row][vc_column][vc_empty_space height=&#8220;20px&#8220;][vc_text_separator title=&#8220;Tourbetreuer: Benjamin Pape&#8220; title_align=&#8220;separator_align_left&#8220; align=&#8220;align_left&#8220; border_width=&#8220;2&#8243;][vc_row_inner][vc_column_inner width=&#8220;1\/6&#8243;][vc_single_image image=&#8220;433&#8243; img_size=&#8220;full&#8220; css=&#8220;.vc_custom_1588717857404{margin-bottom: 0px !important;}&#8220;][\/vc_column_inner][vc_column_inner width=&#8220;5\/6&#8243;]<div class=\"blockquote\"><span class=\"mfn-blockquote-icon\"><i class=\"icon-quote\" aria-hidden=\"true\"><\/i><\/span><blockquote class=\"mfn-inline-editor\">Inspiriert von einer sehr leistungsstarken und trailbegeisterten Bikegruppe, die Start- und Zielort ihrer Tour mit guter Bahnanbindung ab Z\u00fcrich w\u00fcnschte, entstand diese sehr anspruchsvolle Transalp-Tour s\u00fcdlich des Alpenhauptkamms im Sommer 2020. Wer weder lange Auf- noch schwere Trailabfahrten scheut, gern eine gemischte H\u00fctten- und Hoteltour f\u00e4hrt und sich f\u00fcr wenig begangene, aber trailm\u00e4\u00dfig spektakul\u00e4re und kulturell sehr authentische Alpenregionen wie die Bergamasker Alpen begeistern kann, ist hier genau richtig.<\/blockquote><\/div>\n[\/vc_column_inner][\/vc_row_inner][vc_empty_space height=&#8220;20px&#8220;][\/vc_column][\/vc_row][vc_row][vc_column][vc_tta_accordion style=&#8220;modern&#8220; shape=&#8220;square&#8220; color=&#8220;white&#8220; spacing=&#8220;10&#8243; gap=&#8220;10&#8243; active_section=&#8220;1&#8243; no_fill=&#8220;true&#8220; collapsible_all=&#8220;true&#8220;][vc_tta_section title=&#8220;Weitere zu erwartende Ausgaben&#8220; tab_id=&#8220;1585863828044-a552745d-1077&#8243;][vc_column_text]Verpflegung (au\u00dfer Fr\u00fchst\u00fcck), eventuell Zwischenshuttles (falls erw\u00fcnscht), optionale Versicherungen.[\/vc_column_text][\/vc_tta_section][vc_tta_section title=&#8220;Termin und Teilnehmerzahl&#8220; tab_id=&#8220;1585863957293-9588b19b-36b4&#8243;][vc_column_text]Der Termin kann frei gew\u00e4hlt werden. Der Reisepreis ist von der Teilnehmerzahl abh\u00e4ngig (siehe Preisliste oben), auch gr\u00f6\u00dfere Gruppen sind m\u00f6glich. Falls Sie einzelne Leistungen nicht ben\u00f6tigen und\/oder die Strecke \u00e4ndern m\u00f6chten, klicken Sie auf &#8222;Leistungen \u00e4ndern&#8220;, um die Tour-Leistungen im Transalp-Designer individuell einzustellen.[\/vc_column_text][\/vc_tta_section][vc_tta_section title=&#8220;Pauschalreise im Sinne der Richtlinie (EU) 2015\/2302&#8243; tab_id=&#8220;1585863896259-f1c53e9f-7fef&#8220;][vc_column_text]Bei der Ihnen angebotenen Kombination von Reiseleistungen handelt es sich um eine <b>Pauschalreise im Sinne der Richtlinie (EU) 2015\/2302.<\/b> Daher k\u00f6nnen Sie alle EU-Rechte in Anspruch nehmen, die f\u00fcr Pauschalreisen gelten. BergBiken Benjamin Pape (Kontaktdaten s.o.) tr\u00e4gt die volle Verantwortung f\u00fcr die ordnungsgem\u00e4\u00dfe Durchf\u00fchrung der gesamten Pauschalreise. Zudem verf\u00fcgt BergBiken Benjamin Pape \u00fcber die gesetzlich vorgeschriebene Absicherung f\u00fcr die R\u00fcckzahlung Ihrer Zahlungen und, falls der Transport in der Pauschalreise inbegriffen ist (R\u00fccktransport, Zwischenshuttles), zur Sicherstellung Ihrer R\u00fcckbef\u00f6rderung im Fall seiner Insolvenz.<br \/>\n<a href=\"https:\/\/www.bergbiken.de\/eurichtfurz.htm\" target=\"_blank\" rel=\"noopener noreferrer\">Weiterf\u00fchrende Informationen zu Ihren wichtigsten Rechten nach der Richtlinie (EU) 2015\/2302<\/a><\/p>\n<p>Die Reise ist f\u00fcr Personen mit eingeschr\u00e4nkter Mobilit\u00e4t nicht geeignet.[\/vc_column_text][\/vc_tta_section][vc_tta_section title=&#8220;Reiser\u00fccktrittskosten-Versicherung&#8220; tab_id=&#8220;1585863927585-a472bf8c-2316&#8243;][vc_column_text]F\u00fcr den Krankheitsfall empfehlen wir grunds\u00e4tzlich den Abschluss einer <b>Reiser\u00fccktrittskosten-Versicherung<\/b> sowie einer Auslandsreisekrankenversicherung oder einer Versicherung zur Deckung der Kosten einer Unterst\u00fctzung einschlie\u00dflich einer R\u00fcckbef\u00f6rderung bei Unfall, Krankheit oder Tod. Sie k\u00f6nnen \u00fcber uns eine Reiser\u00fccktrittskostenversicherung der HanseMerkur f\u00fcr diese Tour abschlie\u00dfen. Die Versicherungspr\u00e4mie betr\u00e4gt f\u00fcr diese Reise 37-57 \u20ac (abh\u00e4ngig vom Reisepreis). Mehr Infos und Formular unter <a href=\"http:\/\/www.bergbiken.de\/rrv\" target=\"_blank\" rel=\"noopener noreferrer\">www.bergbiken.de\/rrv<\/a>.[\/vc_column_text][\/vc_tta_section][vc_tta_section title=&#8220;R\u00fccktritts- und Zahlungsmodalit\u00e4ten&#8220; tab_id=&#8220;1585863980058-1da3c22e-b9dc&#8220;][vc_column_text]Bei Nichterreichen der Mindestteilnehmerzahl kann BergBiken bis sp\u00e4testens 30 Tage vor Reisebeginn (Abs. 5 unserer <a href=\"https:\/\/www.bergbiken.de\/index.asp?id=28\" target=\"_blank\" rel=\"noopener noreferrer\">AGB<\/a>) von der Reise zur\u00fccktreten. Ein R\u00fccktritt von Ihrer Seite ist jederzeit m\u00f6glich, es fallen dabei je nach Vorlaufzeit zum geplanten Reisebeginn Stornierungskosten an, wie sie in Abs. 6 unserer <a href=\"https:\/\/www.bergbiken.de\/index.asp?id=28\" target=\"_blank\" rel=\"noopener noreferrer\">AGB<\/a> angegeben sind. Als Anzahlung sind 20% des Reisepreises bis 14 Tage nach Rechnungserhalt zu zahlen. Die Restrate (80%) wird 30 Tage vor Reisebeginn f\u00e4llig.[\/vc_column_text][\/vc_tta_section][vc_tta_section title=&#8220;Veranstalter dieser Reise&#8220; tab_id=&#8220;1585864011531-6f9c98ce-1e3c&#8220;][vc_column_text]BergBiken Benjamin Pape, Lange Str. 37, 59602 R\u00fcthen, Tel. 0176-51470232, Email info@bergbiken.de.[\/vc_column_text][\/vc_tta_section][\/vc_tta_accordion][\/vc_column][\/vc_row]<\/p>\n","protected":false},"excerpt":{"rendered":"<p>[vc_row full_width=&#8220;stretch_row_content_no_spaces&#8220; css=&#8220;.vc_custom_1585690855060{margin-top: 0px !important;margin-right: 0px !important;margin-bottom: 0px !important;margin-left: 0px !important;padding-top: 0px !important;padding-right: 0px !important;padding-bottom: 0px !important;padding-left: 0px !important;}&#8220;][vc_column css=&#8220;.vc_custom_1606857992342{margin-top: 0px !important;margin-right: 0px !important;margin-bottom: 0px !important;margin-left:<span class=\"excerpt-hellip\"> [\u2026]<\/span><\/p>\n","protected":false},"author":1,"featured_media":0,"parent":0,"menu_order":0,"comment_status":"closed","ping_status":"closed","template":"","meta":{"footnotes":""},"class_list":["post-1961","page","type-page","status-publish","hentry"],"jetpack_sharing_enabled":true,"_links":{"self":[{"href":"https:\/\/www.bergbiken.de\/wp\/wp-json\/wp\/v2\/pages\/1961","targetHints":{"allow":["GET"]}}],"collection":[{"href":"https:\/\/www.bergbiken.de\/wp\/wp-json\/wp\/v2\/pages"}],"about":[{"href":"https:\/\/www.bergbiken.de\/wp\/wp-json\/wp\/v2\/types\/page"}],"author":[{"embeddable":true,"href":"https:\/\/www.bergbiken.de\/wp\/wp-json\/wp\/v2\/users\/1"}],"replies":[{"embeddable":true,"href":"https:\/\/www.bergbiken.de\/wp\/wp-json\/wp\/v2\/comments?post=1961"}],"version-history":[{"count":20,"href":"https:\/\/www.bergbiken.de\/wp\/wp-json\/wp\/v2\/pages\/1961\/revisions"}],"predecessor-version":[{"id":44942,"href":"https:\/\/www.bergbiken.de\/wp\/wp-json\/wp\/v2\/pages\/1961\/revisions\/44942"}],"wp:attachment":[{"href":"https:\/\/www.bergbiken.de\/wp\/wp-json\/wp\/v2\/media?parent=1961"}],"curies":[{"name":"wp","href":"https:\/\/api.w.org\/{rel}","templated":true}]}}